{"id":83,"date":"2018-02-14T22:06:11","date_gmt":"2018-02-14T22:06:11","guid":{"rendered":"http:\/\/www.utn.edu.ec\/cultura\/?page_id=83"},"modified":"2024-02-02T14:29:54","modified_gmt":"2024-02-02T14:29:54","slug":"nosotros","status":"publish","type":"page","link":"https:\/\/cultura.utn.edu.ec\/index.php\/centro-cultura\/nosotros\/","title":{"rendered":"Nosotros"},"content":{"rendered":"<p><strong>DIRECCI\u00d3N DE CULTURA UTN<\/strong><\/p>\n<p style=\"text-align: justify;\">La Direcci\u00f3n de Cultura es una instancia T\u00e9cnico-administrativa que\u00a0 desarrolla sus actividades dentro y fuera de la universidad seg\u00fan la Misi\u00f3n y Visi\u00f3n de la <strong>UTN<\/strong>, en procura de fortalecer la identidad intercultural de los pueblos de la regi\u00f3n y el pa\u00eds mediante la investigaci\u00f3n, rescate, difusi\u00f3n y producci\u00f3n de obras, programas y proyectos pluri e interculturales como eje transversal de la formaci\u00f3n de sus estudiantes, con s\u00f3lidas relaciones interinstitucionales con otras universidades, instituciones y organizaciones afines del pa\u00eds y de fuera de \u00e9l.<\/p>\n<p style=\"text-align: justify;\">La regi\u00f3n norte del pa\u00eds es un referente en cultura, pero m\u00e1s espec\u00edficamente Imbabura y Carchi fueron siempre provincias con un potencial cultural extraordinario. Por esos a\u00f1os, Carchi ostentaba el record nacional de ser la provincia con la tasa m\u00e1s baja de analfabetismo, mientras que el sistema de escolaridad en Imbabura hab\u00eda crecido notablemente con la creaci\u00f3n de numerosas entidades de educaci\u00f3n secundaria y media que demandaban que sus egresados puedan dar continuidad profesional a su proceso de formaci\u00f3n acad\u00e9mica. As\u00ed se cre\u00f3 la\u00a0<strong>UTN<\/strong>, para dar una respuesta hist\u00f3rica a todas estas demandas, en principio como una extensi\u00f3n de la Universidad de Loja, pero luego como una entidad de educaci\u00f3n independiente y aut\u00f3noma. Desde entonces, concomitantemente a sus labores acad\u00e9micas se cre\u00f3 tambi\u00e9n el grupo de danza para \u201cRecuperar, defender y desarrollar la cultura de los pueblos y fortalecer su identidad\u201d.<\/p>\n<p style=\"text-align: justify;\">\n<p style=\"text-align: justify;\">\n","protected":false},"excerpt":{"rendered":"<p>DIRECCI\u00d3N DE CULTURA UTN La Direcci\u00f3n de Cultura es una instancia T\u00e9cnico-administrativa que\u00a0 desarrolla sus actividades dentro y fuera de la universidad seg\u00fan la Misi\u00f3n y Visi\u00f3n de la UTN, en procura<a class=\"moretag\" href=\"https:\/\/cultura.utn.edu.ec\/index.php\/centro-cultura\/nosotros\/\">Leer m\u00e1s&#8230;<\/a><\/p>\n","protected":false},"author":1,"featured_media":0,"parent":6,"menu_order":0,"comment_status":"closed","ping_status":"closed","template":"","meta":{"footnotes":""},"class_list":["post-83","page","type-page","status-publish","hentry"],"_links":{"self":[{"href":"https:\/\/cultura.utn.edu.ec\/index.php\/wp-json\/wp\/v2\/pages\/83","targetHints":{"allow":["GET"]}}],"collection":[{"href":"https:\/\/cultura.utn.edu.ec\/index.php\/wp-json\/wp\/v2\/pages"}],"about":[{"href":"https:\/\/cultura.utn.edu.ec\/index.php\/wp-json\/wp\/v2\/types\/page"}],"author":[{"embeddable":true,"href":"https:\/\/cultura.utn.edu.ec\/index.php\/wp-json\/wp\/v2\/users\/1"}],"replies":[{"embeddable":true,"href":"https:\/\/cultura.utn.edu.ec\/index.php\/wp-json\/wp\/v2\/comments?post=83"}],"version-history":[{"count":9,"href":"https:\/\/cultura.utn.edu.ec\/index.php\/wp-json\/wp\/v2\/pages\/83\/revisions"}],"predecessor-version":[{"id":483,"href":"https:\/\/cultura.utn.edu.ec\/index.php\/wp-json\/wp\/v2\/pages\/83\/revisions\/483"}],"up":[{"embeddable":true,"href":"https:\/\/cultura.utn.edu.ec\/index.php\/wp-json\/wp\/v2\/pages\/6"}],"wp:attachment":[{"href":"https:\/\/cultura.utn.edu.ec\/index.php\/wp-json\/wp\/v2\/media?parent=83"}],"curies":[{"name":"wp","href":"https:\/\/api.w.org\/{rel}","templated":true}]}}